{"id":424,"date":"2020-03-16T18:17:34","date_gmt":"2020-03-16T18:17:34","guid":{"rendered":"https:\/\/www.doctaforum-events.org\/2026\/hematologia48h2026\/?page_id=424"},"modified":"2026-04-16T06:14:44","modified_gmt":"2026-04-16T06:14:44","slug":"jueves-16-de-abril","status":"publish","type":"page","link":"https:\/\/www.doctaforum-events.org\/2026\/hematologia48h2026\/jueves-16-de-abril\/","title":{"rendered":"Jueves 16 de abril"},"content":{"rendered":"<div id=\"\" class=\"panel-group\">\n<div class=\"panel panel-default\">\n<div class=\"panel-heading\">\n<div class='panel_hour d-flex align-items-center'>\n<h4 class=\"panel-title \">08:45 &#8211; 09:00<\/h4>\n<\/p><\/div>\n<div class='title_panel col d-flex align-items-center'>\n<h4 class=\"panel-title\">Apertura curso<\/h4>\n<\/p><\/div>\n<\/div>\n<div id=\"collapse2\" class=\"panel-collapse collapse in\">\n<table id=\"tablepress-8\" class=\"tablepress tablepress-id-8\">\n<tbody class=\"row-striping row-hover\">\n<tr class=\"row-1\">\n\t<td class=\"column-1\"><span class=\"clase1\">Dr. Jes\u00fas San Miguel Izquierdo, <\/span><span class=\"clase3\">Cancer Center Cl\u00ednica Universidad de Navarra, Pamplona<\/span><\/td>\n<\/tr>\n<\/tbody>\n<\/table>\n<!-- #tablepress-8 from cache --><\/div>\n<\/div>\n<div class=\"panel panel-default\">\n<div class=\"panel-heading coloramarillo\">\n<div class='panel_hour d-flex align-items-center'>\n<h4 class=\"panel-title \">09:00 &#8211; 11:00<\/h4>\n<\/p><\/div>\n<div class='title_panel col d-flex align-items-center'>\n<h4 class=\"panel-title\">SESI\u00d3N 1: LEUCEMIAS AGUDAS Y S\u00cdNDROMES MIELODISPL\u00c1SICOS<\/h4>\n<\/p><\/div>\n<\/div>\n<div id=\"collapse4\" class=\"panel-collapse collapse in\">\n<table id=\"tablepress-9\" class=\"tablepress tablepress-id-9\">\n<tbody class=\"row-striping row-hover\">\n<tr class=\"row-1\">\n\t<td class=\"column-1\"><\/td><td class=\"column-2\"><span class=\"clase1\">Moderadores:<\/span><br \/>\n<span class=\"clase2\">Dr. Jos\u00e9 Rif\u00f3n Roca, <\/span><span class=\"clase3\">Cl\u00ednica Universidad de Navarra, Pamplona<\/span><br \/>\n<span class=\"clase2\">Dra. Elena Amutio D\u00edez, <\/span><span class=\"clase3\">Hospital Universitario de Cruces, Bilbao<\/span><\/td>\n<\/tr>\n<tr class=\"row-2\">\n\t<td class=\"column-1\">09:25 - 09:45<\/td><td class=\"column-2\"><span class=\"clase1\">Tratamiento de la Leucemia Aguda Linfobl\u00e1stica del adulto<\/span><br \/>\n<span class=\"clase2\">Dra. Anna Torrent Catarineu, <\/span><span class=\"clase3\">Hospital Universitario Germans Trias i Pujol, Barcelona<\/span><\/td>\n<\/tr>\n<tr class=\"row-3\">\n\t<td class=\"column-1\">09:45 - 10:05<\/td><td class=\"column-2\"><span class=\"clase1\">SMD de bajo riesgo<\/span><br \/>\n<span class=\"clase2\">Dra. Mar\u00eda D\u00edez Campelo, <\/span><span class=\"clase3\">Hospital Cl\u00ednico Universitario de Salamanca<\/span><\/td>\n<\/tr>\n<tr class=\"row-4\">\n\t<td class=\"column-1\">10:05 - 10:25<\/td><td class=\"column-2\"><span class=\"clase1\">Mastocitosis<\/span><br \/>\n<span class=\"clase2\">Dr. Iv\u00e1n \u00c1lvarez-Twose, <\/span><span class=\"clase3\">Hospital General Universitario de Toledo<\/span><\/td>\n<\/tr>\n<tr class=\"row-5\">\n\t<td class=\"column-1\">10:25 - 11:00<\/td><td class=\"column-2\"><span class=\"clase1\">Mesa redonda y conclusiones<\/span><\/td>\n<\/tr>\n<\/tbody>\n<\/table>\n<!-- #tablepress-9 from cache --><\/div>\n<\/div>\n<div class=\"panel panel-default\">\n<div class=\"panel-heading breakColors\">\n<div class='panel_hour d-flex align-items-center'>\n<h4 class=\"panel-title \">11:00 &#8211; 11:30<\/h4>\n<\/p><\/div>\n<div class='title_panel col d-flex align-items-center'>\n<h4 class=\"panel-title\">Pausa Caf\u00e9<\/h4>\n<\/p><\/div>\n<\/div>\n<\/div>\n<div class=\"panel panel-default\">\n<div class=\"panel-heading coloramarillo\">\n<div class='panel_hour d-flex align-items-center'>\n<h4 class=\"panel-title \">11:30 &#8211; 13:30<\/h4>\n<\/p><\/div>\n<div class='title_panel col d-flex align-items-center'>\n<h4 class=\"panel-title\">SESI\u00d3N 2: TRASPLANTE DE PROGENITORES HEMATOPOY\u00c9TICOS<\/h4>\n<\/p><\/div>\n<\/div>\n<div id=\"collapse4\" class=\"panel-collapse collapse in\">\n<table id=\"tablepress-11\" class=\"tablepress tablepress-id-11\">\n<tbody class=\"row-striping row-hover\">\n<tr class=\"row-1\">\n\t<td class=\"column-1\"><\/td><td class=\"column-2\"><span class=\"clase1\">Moderadoras:<\/span><br \/>\n<span class=\"clase2\">Dra. Sara Villar Fern\u00e1ndez, <\/span><span class=\"clase3\">Cl\u00ednica Universidad de Navarra, Pamplona<\/span><br \/>\n<span class=\"clase2\">Dra. Mar\u00eda Teresa Zudaire Ripa, <\/span><span class=\"clase3\">Hospital Universitario de Navarra, Pamplona<\/span><\/td>\n<\/tr>\n<tr class=\"row-2\">\n\t<td class=\"column-1\">11:30 - 11:35<\/td><td class=\"column-2\"><span class=\"clase1\">Presentaci\u00f3n sesi\u00f3n<\/span><\/td>\n<\/tr>\n<tr class=\"row-3\">\n\t<td class=\"column-1\">11:35 - 12:00<\/td><td class=\"column-2\"><span class=\"clase1\">Prevenci\u00f3n y tratamiento de infecciones f\u00fangicas en el trasplante de progenitores hematopoy\u00e9ticos<\/span><br \/>\n<span class=\"clase2\">Dr. Jos\u00e9 Luis Pi\u00f1ana S\u00e1nchez, <\/span><span class=\"clase3\">Hospital Cl\u00ednico Universitario de Valencia<\/span><\/td>\n<\/tr>\n<tr class=\"row-4\">\n\t<td class=\"column-1\">12:00 - 12:25<\/td><td class=\"column-2\"><span class=\"clase1\">S\u00edndrome de obstrucci\u00f3n sinusoidal \/ Microangiopat\u00eda Tromb\u00f3tica<\/span><br \/>\n<span class=\"clase2\">Dra. Queralt Salas Gay, <\/span><span class=\"clase3\">Hospital Cl\u00ednic Barcelona<\/span><\/td>\n<\/tr>\n<tr class=\"row-5\">\n\t<td class=\"column-1\">12:25 - 12:50<br \/>\n<\/td><td class=\"column-2\"><span class=\"clase1\">Estrategias para mejorar la terapia CART<\/span><br \/>\n<span class=\"clase2\">Dr. Felipe Prosper Cardoso, <\/span><span class=\"clase3\">Cl\u00ednica Universidad de Navarra, Pamplona<\/span><\/td>\n<\/tr>\n<tr class=\"row-6\">\n\t<td class=\"column-1\">12:50 - 13:30<\/td><td class=\"column-2\"><span class=\"clase1\">Mesa redonda y conclusiones<\/span><\/td>\n<\/tr>\n<\/tbody>\n<\/table>\n<!-- #tablepress-11 from cache --><\/div>\n<\/div>\n<div class=\"panel panel-default\">\n<div class=\"panel-heading breakColors\">\n<div class='panel_hour d-flex align-items-center'>\n<h4 class=\"panel-title \">13:30 &#8211; 15:00<\/h4>\n<\/p><\/div>\n<div class='title_panel col d-flex align-items-center'>\n<h4 class=\"panel-title\">Almuerzo<\/h4>\n<\/p><\/div>\n<\/div>\n<\/div>\n<div class=\"panel panel-default\">\n<div class=\"panel-heading coloramarillo\">\n<div class='panel_hour d-flex align-items-center'>\n<h4 class=\"panel-title \">15:00 &#8211; 17:00<\/h4>\n<\/p><\/div>\n<div class='title_panel col d-flex align-items-center'>\n<h4 class=\"panel-title\">SESI\u00d3N 3: HEMOSTASIA Y TROMBOSIS Y HEMOTERAPIA<\/h4>\n<\/p><\/div>\n<\/div>\n<div id=\"collapse6\" class=\"panel-collapse collapse in\">\n<table id=\"tablepress-10\" class=\"tablepress tablepress-id-10\">\n<tbody class=\"row-striping row-hover\">\n<tr class=\"row-1\">\n\t<td class=\"column-1\"><\/td><td class=\"column-2\"><span class=\"clase1\">Moderadores:<\/span><br \/>\n<span class=\"clase2\">Dr. Jos\u00e9 Antonio Garc\u00eda Erce, <\/span><span class=\"clase3\">Hospital Universitario de Navarra, Pamplona<\/span><br \/>\n<span class=\"clase2\">Dr. Jose Antonio P\u00e1ramo Fern\u00e1ndez, <\/span><span class=\"clase3\">Cl\u00ednica Universidad de Navarra, Pamplona<\/span><\/td>\n<\/tr>\n<tr class=\"row-2\">\n\t<td class=\"column-1\">15:00 - 15:05<\/td><td class=\"column-2\"><span class=\"clase1\">Presentaci\u00f3n sesi\u00f3n<\/span><\/td>\n<\/tr>\n<tr class=\"row-3\">\n\t<td class=\"column-1\">15:05 - 15:25<\/td><td class=\"column-2\"><span class=\"clase1\">Uso de ACODs en el s\u00edndrome antifosfol\u00edpido<\/span><br \/>\n<span class=\"clase2\">Dr. Ram\u00f3n Lecumberri Villamediana, <\/span><span class=\"clase3\">Cl\u00ednica Universidad de Navarra, Pamplona<\/span><\/td>\n<\/tr>\n<tr class=\"row-4\">\n\t<td class=\"column-1\">15:25 - 15:45<\/td><td class=\"column-2\"><span class=\"clase1\">Manejo perioperatorio de los f\u00e1rmacos anticoagulantes<\/span><br \/>\n<span class=\"clase2\">Dra. Vanessa Rold\u00e1n Schilling, <\/span><span class=\"clase3\">Hospital Cl\u00ednico Universitario Virgen de la Arrixaca, Murcia<\/span><\/td>\n<\/tr>\n<tr class=\"row-5\">\n\t<td class=\"column-1\">15:45 - 16:05<\/td><td class=\"column-2\"><span class=\"clase1\">Diagn\u00f3stico y tratamiento de trombocitopat\u00edas<\/span><br \/>\n<span class=\"clase2\">Dr. Jos\u00e9 Ram\u00f3n Gonz\u00e1lez Porras, <\/span><span class=\"clase3\">Hospital Cl\u00ednico Universitario de Salamanca<\/span><\/td>\n<\/tr>\n<tr class=\"row-6\">\n\t<td class=\"column-1\">16:05 - 16:25<\/td><td class=\"column-2\"><span class=\"clase1\">Viejas y nuevas indicaciones de plasmaf\u00e9resis<\/span><br \/>\n<span class=\"clase2\">Dr. Joan Cid Vidal, <\/span><span class=\"clase3\">Hospital Cl\u00ednic Barcelona<\/span><\/td>\n<\/tr>\n<tr class=\"row-7\">\n\t<td class=\"column-1\">16:25 - 17:00<\/td><td class=\"column-2\"><span class=\"clase1\">Mesa redonda y conclusiones<\/span><\/td>\n<\/tr>\n<\/tbody>\n<\/table>\n<!-- #tablepress-10 from cache --><\/div>\n<\/div>\n<div class=\"panel panel-default\">\n<div class=\"panel-heading breakColors\">\n<div class='panel_hour d-flex align-items-center'>\n<h4 class=\"panel-title \">17:00 &#8211; 17:30<\/h4>\n<\/p><\/div>\n<div class='title_panel col d-flex align-items-center'>\n<h4 class=\"panel-title\">Pausa Caf\u00e9<\/h4>\n<\/p><\/div>\n<\/div>\n<\/div>\n<div class=\"panel panel-default\">\n<div class=\"panel-heading coloramarillo\">\n<div class='panel_hour d-flex align-items-center'>\n<h4 class=\"panel-title \">17:30 &#8211; 19:30<\/h4>\n<\/p><\/div>\n<div class='title_panel col d-flex align-items-center'>\n<h4 class=\"panel-title\">SESI\u00d3N 4: ANEMIAS Y NEOPLASIAS MIELOPROLIFERATIVAS CR\u00d3NICAS<\/h4>\n<\/p><\/div>\n<\/div>\n<div id=\"collapse7\" class=\"panel-collapse collapse in\">\n<table id=\"tablepress-12\" class=\"tablepress tablepress-id-12\">\n<tbody class=\"row-striping row-hover\">\n<tr class=\"row-1\">\n\t<td class=\"column-1\"><\/td><td class=\"column-2\"><span class=\"clase1\">Moderadores:<\/span><br \/>\n<span class=\"clase2\">Dra. Carolina Guill\u00e9n Rienda, <\/span><span class=\"clase3\">Cl\u00ednica Universidad de Navarra, Madrid<\/span><br \/>\n<span class=\"clase2\">Dr. Jos\u00e9 Mar\u00eda Guinea de Castro, <\/span><span class=\"clase3\">Hospital Universitario de \u00c1lava<\/span><\/td>\n<\/tr>\n<tr class=\"row-2\">\n\t<td class=\"column-1\">17:30 - 17:35<\/td><td class=\"column-2\"><span class=\"clase1\">Presentaci\u00f3n sesi\u00f3n<\/span><\/td>\n<\/tr>\n<tr class=\"row-3\">\n\t<td class=\"column-1\">17:35 - 17:55<\/td><td class=\"column-2\"><span class=\"clase1\">Algoritmo diagn\u00f3stico de una poliglobulia<\/span><br \/>\n<span class=\"clase2\">Dra. Miriam Vara Pampliega, <\/span><span class=\"clase3\">Hospital Universitario de Cruces, Bilbao<\/span><\/td>\n<\/tr>\n<tr class=\"row-4\">\n\t<td class=\"column-1\">17:55 - 18:15<\/td><td class=\"column-2\"><span class=\"clase1\">Leucemia Mieloide Cr\u00f3nica<\/span><br \/>\n<span class=\"clase2\">Dr. Valent\u00edn Garc\u00eda Guti\u00e9rrez, <\/span><span class=\"clase3\">Hospital Universitario Ram\u00f3n y Cajal, Madrid<\/span><\/td>\n<\/tr>\n<tr class=\"row-5\">\n\t<td class=\"column-1\">18:15 - 18:35<\/td><td class=\"column-2\"><span class=\"clase1\">Diagn\u00f3stico y tratamiento de la mielofibrosis<\/span><br \/>\n<span class=\"clase2\">Dr. Santiago Osorio Prendes, <\/span><span class=\"clase3\">Hospital General Universitario Gregorio Mara\u00f1\u00f3n, Madrid<\/span><\/td>\n<\/tr>\n<tr class=\"row-6\">\n\t<td class=\"column-1\">18:35 - 18:55<\/td><td class=\"column-2\"><span class=\"clase1\">Anemia de Fanconi y otras anemias hereditarias<\/span><br \/>\n<span class=\"clase2\">Dr. Juli\u00e1n Sevilla Navarro, <\/span><span class=\"clase3\">Hospital Universitario Infantil Ni\u00f1o Jes\u00fas, Madrid<\/span><\/td>\n<\/tr>\n<tr class=\"row-7\">\n\t<td class=\"column-1\">18:55 - 19:30<\/td><td class=\"column-2\"><span class=\"clase1\">Mesa redonda y conclusiones<\/span><\/td>\n<\/tr>\n<\/tbody>\n<\/table>\n<!-- #tablepress-12 from cache --><\/div>\n<\/div>\n<\/div>\n","protected":false},"excerpt":{"rendered":"<p>08:45 &#8211; 09:00 Apertura curso 09:00 &#8211; 11:00 SESI\u00d3N 1: LEUCEMIAS AGUDAS Y S\u00cdNDROMES MIELODISPL\u00c1SICOS 11:00 &#8211; 11:30 Pausa Caf\u00e9 11:30 &#8211; 13:30 SESI\u00d3N 2: TRASPLANTE DE PROGENITORES HEMATOPOY\u00c9TICOS 13:30 &#8211; 15:00 Almuerzo 15:00 &#8211; 17:00 SESI\u00d3N 3: HEMOSTASIA Y TROMBOSIS Y HEMOTERAPIA 17:00 &#8211; 17:30 Pausa Caf\u00e9 17:30 &#8211; 19:30 SESI\u00d3N 4: ANEMIAS Y [&hellip;]<\/p>\n","protected":false},"author":1,"featured_media":0,"parent":0,"menu_order":0,"comment_status":"closed","ping_status":"closed","template":"","meta":{"footnotes":""},"class_list":["post-424","page","type-page","status-publish","hentry"],"_links":{"self":[{"href":"https:\/\/www.doctaforum-events.org\/2026\/hematologia48h2026\/wp-json\/wp\/v2\/pages\/424","targetHints":{"allow":["GET"]}}],"collection":[{"href":"https:\/\/www.doctaforum-events.org\/2026\/hematologia48h2026\/wp-json\/wp\/v2\/pages"}],"about":[{"href":"https:\/\/www.doctaforum-events.org\/2026\/hematologia48h2026\/wp-json\/wp\/v2\/types\/page"}],"author":[{"embeddable":true,"href":"https:\/\/www.doctaforum-events.org\/2026\/hematologia48h2026\/wp-json\/wp\/v2\/users\/1"}],"replies":[{"embeddable":true,"href":"https:\/\/www.doctaforum-events.org\/2026\/hematologia48h2026\/wp-json\/wp\/v2\/comments?post=424"}],"version-history":[{"count":81,"href":"https:\/\/www.doctaforum-events.org\/2026\/hematologia48h2026\/wp-json\/wp\/v2\/pages\/424\/revisions"}],"predecessor-version":[{"id":1499,"href":"https:\/\/www.doctaforum-events.org\/2026\/hematologia48h2026\/wp-json\/wp\/v2\/pages\/424\/revisions\/1499"}],"wp:attachment":[{"href":"https:\/\/www.doctaforum-events.org\/2026\/hematologia48h2026\/wp-json\/wp\/v2\/media?parent=424"}],"curies":[{"name":"wp","href":"https:\/\/api.w.org\/{rel}","templated":true}]}}