{"id":1438,"date":"2025-10-30T12:11:34","date_gmt":"2025-10-30T12:11:34","guid":{"rendered":"https:\/\/www.doctaforum-events.org\/2026\/hematologia48h2026\/?page_id=1438"},"modified":"2025-10-30T12:33:01","modified_gmt":"2025-10-30T12:33:01","slug":"viernes-17-de-abril","status":"publish","type":"page","link":"https:\/\/www.doctaforum-events.org\/2026\/hematologia48h2026\/viernes-17-de-abril\/","title":{"rendered":"Viernes 17 de Abril"},"content":{"rendered":"<div id=\"\" class=\"panel-group\">\n<div class=\"panel panel-default\">\n<div class=\"panel-heading coloramarillo\">\n<div class='panel_hour d-flex align-items-center'>\n<h4 class=\"panel-title \">08:30 &#8211; 10:30<\/h4>\n<\/p><\/div>\n<div class='title_panel col d-flex align-items-center'>\n<h4 class=\"panel-title\">SESI\u00d3N 5: S\u00cdNDROMES LINFOPROLIFERATIVOS<\/h4>\n<\/p><\/div>\n<\/div>\n<div id=\"collapse5\" class=\"panel-collapse collapse in\">\n<table id=\"tablepress-18\" class=\"tablepress tablepress-id-18\">\n<tbody class=\"row-striping row-hover\">\n<tr class=\"row-1\">\n\t<td class=\"column-1\"><\/td><td class=\"column-2\"><span class=\"clase1\">Moderadores:<\/span><br \/>\n<span class=\"clase2\">Dr. Carlos Grande Garc\u00eda, <\/span><span class=\"clase3\">Cl\u00ednica Universidad de Navarra, Madrid<\/span><br \/>\n<span class=\"clase2\">Dra. Izaskun Zeberio Etxetxipia, <\/span><span class=\"clase3\">Hospital Universitario Donostia<\/span><\/td>\n<\/tr>\n<tr class=\"row-2\">\n\t<td class=\"column-1\">08:30 - 08:35<\/td><td class=\"column-2\"><span class=\"clase1\">Presentaci\u00f3n sesi\u00f3n<\/span><\/td>\n<\/tr>\n<tr class=\"row-3\">\n\t<td class=\"column-1\">08:35 - 08:55<\/td><td class=\"column-2\"><span class=\"clase1\">Linfomas T: m\u00e1s all\u00e1 del CHOP<\/span><br \/>\n<span class=\"clase2\">Dr. Miguel \u00c1ngel Canales Albendea, <\/span><span class=\"clase3\">Cl\u00ednica Universidad de Navarra, Pamplona<\/span><\/td>\n<\/tr>\n<tr class=\"row-4\">\n\t<td class=\"column-1\">08:55 - 09:15<\/td><td class=\"column-2\"><span class=\"clase1\">Leucemia Linfoc\u00edtica Cr\u00f3nica: cu\u00e1ndo y c\u00f3mo hay que iniciar el tratamiento<\/span><br \/>\n<span class=\"clase2\">Dra. Lucrecia Y\u00e1\u00f1ez San Segundo, <\/span><span class=\"clase3\">Hospital Universitario Marqu\u00e9s de Valdecilla, Santander<\/span><\/td>\n<\/tr>\n<tr class=\"row-5\">\n\t<td class=\"column-1\">09:15 - 09:35<\/td><td class=\"column-2\"><span class=\"clase1\">SLP infrecuentes: Tricoleucemia y linfomas de la zona marginal<\/span><br \/>\n<span class=\"clase2\">Dra. Ana Munta\u00f1ola Prat, <\/span><span class=\"clase3\">Hospital de la Santa Creu i Sant Pau , Barcelona<\/span><\/td>\n<\/tr>\n<tr class=\"row-6\">\n\t<td class=\"column-1\">09:35 - 09:55<\/td><td class=\"column-2\"><span class=\"clase1\">Enfermedad de Hodgkin<\/span><br \/>\n<span class=\"clase2\">Dra. Anna Sureda Balari, <\/span><span class=\"clase3\">ICO-L'Hospitalet, Hospital Duran i Reynals, Barcelona<\/span><\/td>\n<\/tr>\n<tr class=\"row-7\">\n\t<td class=\"column-1\">09:55 - 10:30<\/td><td class=\"column-2\"><span class=\"clase1\">Mesa redonda y conclusiones<\/span><\/td>\n<\/tr>\n<\/tbody>\n<\/table>\n<!-- #tablepress-18 from cache --><\/div>\n<\/div>\n<div class=\"panel panel-default\">\n<div class=\"panel-heading coloramarillo\">\n<div class='panel_hour d-flex align-items-center'>\n<h4 class=\"panel-title \">10:30 &#8211; 11:50<\/h4>\n<\/p><\/div>\n<div class='title_panel col d-flex align-items-center'>\n<h4 class=\"panel-title\">SESI\u00d3N 6: EL LABORATORIO EN HEMATOLOG\u00cdA<\/h4>\n<\/p><\/div>\n<\/div>\n<div id=\"collapse6\" class=\"panel-collapse collapse in\">\n<table id=\"tablepress-19\" class=\"tablepress tablepress-id-19\">\n<tbody class=\"row-striping row-hover\">\n<tr class=\"row-1\">\n\t<td class=\"column-1\"><\/td><td class=\"column-2\"><span class=\"clase1\">Moderadoras:<\/span><br \/>\n<span class=\"clase2\">Dra. Margarita Redondo Izal, <\/span><span class=\"clase3\">Hospital Universitario de Navarra, Pamplona<\/span><br \/>\n<span class=\"clase2\">Dra. Mar\u00eda Jos\u00e9 Calasanz Abinzano, <\/span><span class=\"clase3\">CIMA, Universidad de Navarra, Pamplona<\/span><\/td>\n<\/tr>\n<tr class=\"row-2\">\n\t<td class=\"column-1\">10:30 - 10:35<\/td><td class=\"column-2\"><span class=\"clase1\">Presentaci\u00f3n sesi\u00f3n<\/span><\/td>\n<\/tr>\n<tr class=\"row-3\">\n\t<td class=\"column-1\">10:35 - 10:55<\/td><td class=\"column-2\"><span class=\"clase1\">Extrayendo toda la informaci\u00f3n a las pruebas de rutina de hematimetr\u00eda<\/span><br \/>\n<span class=\"clase2\">Dr. Salvador Pay\u00e1n Pern\u00eda, <\/span><span class=\"clase3\">Hospital Universitario Virgern del Roc\u00edo, Sevilla<\/span><\/td>\n<\/tr>\n<tr class=\"row-4\">\n\t<td class=\"column-1\">10:55 - 11:15<\/td><td class=\"column-2\"><span class=\"clase1\">Espectrometr\u00eda de masas en gammapat\u00edas monoclonales<\/span><br \/>\n<span class=\"clase2\">Dra. Noem\u00ed Puig Mor\u00f3n, <\/span><span class=\"clase3\">Hospital Cl\u00ednico Universitario de Salamanca<\/span><\/td>\n<\/tr>\n<tr class=\"row-5\">\n\t<td class=\"column-1\">11:15 - 11:35<\/td><td class=\"column-2\"><span class=\"clase1\">Caracterizaci\u00f3n molecular en patolog\u00eda mieloide y linfoide<\/span><br \/>\n<span class=\"clase2\">Dra. Beatriz Bellosillo Paricio, <\/span><span class=\"clase3\">Hospital del Mar, Barcelona<\/span><\/td>\n<\/tr>\n<tr class=\"row-6\">\n\t<td class=\"column-1\">11:35 - 11:50<\/td><td class=\"column-2\"><span class=\"clase1\">Mesa redonda y conclusiones<\/span><\/td>\n<\/tr>\n<\/tbody>\n<\/table>\n<!-- #tablepress-19 from cache --><\/div>\n<\/div>\n<div class=\"panel panel-default\">\n<div class=\"panel-heading breakColors\">\n<div class='panel_hour d-flex align-items-center'>\n<h4 class=\"panel-title \">11:50 &#8211; 12:20<\/h4>\n<\/p><\/div>\n<div class='title_panel col d-flex align-items-center'>\n<h4 class=\"panel-title\">Pausa Caf\u00e9<\/h4>\n<\/p><\/div>\n<\/div>\n<\/div>\n<div class=\"panel panel-default\">\n<div class=\"panel-heading coloramarillo\">\n<div class='panel_hour d-flex align-items-center'>\n<h4 class=\"panel-title \">12:20 &#8211; 14:05<\/h4>\n<\/p><\/div>\n<div class='title_panel col d-flex align-items-center'>\n<h4 class=\"panel-title\">SESI\u00d3N 7: GAMMAPAT\u00cdAS MONOCLONALES<\/h4>\n<\/p><\/div>\n<\/div>\n<div id=\"collapse6\" class=\"panel-collapse collapse in\">\n<table id=\"tablepress-20\" class=\"tablepress tablepress-id-20\">\n<tbody class=\"row-striping row-hover\">\n<tr class=\"row-1\">\n\t<td class=\"column-1\"><\/td><td class=\"column-2\"><span class=\"clase1\">Moderadores:<\/span><br \/>\n<span class=\"clase2\">Dr. Jes\u00fas San Miguel Izquierdo, <\/span><span class=\"clase3\">Cancer Center Cl\u00ednica Universidad de Navarra, Pamplona<\/span><br \/>\n<span class=\"clase2\">Dr. Jos\u00e9 Mar\u00eda Argui\u00f1ano, <\/span><span class=\"clase3\">Hospital Universitario de Navarra, Pamplona<\/span><\/td>\n<\/tr>\n<tr class=\"row-2\">\n\t<td class=\"column-1\">12:20 - 12:25<\/td><td class=\"column-2\"><span class=\"clase1\">Presentaci\u00f3n sesi\u00f3n<\/span><\/td>\n<\/tr>\n<tr class=\"row-3\">\n\t<td class=\"column-1\">12:25 - 12:45<\/td><td class=\"column-2\"><span class=\"clase1\">Tratamiento del mieloma de nuevo diagn\u00f3stico<\/span><br \/>\n<span class=\"clase2\">Dr. Ram\u00f3n Garc\u00eda Sanz,<\/span><span class=\"clase3\">Hospital General Universitario Gregorio Mara\u00f1\u00f3n, Madrid<\/span><\/td>\n<\/tr>\n<tr class=\"row-4\">\n\t<td class=\"column-1\">12:45 - 13:05<\/td><td class=\"column-2\"><span class=\"clase1\">Mieloma en reca\u00edda\/refractario<\/span><br \/>\n<span class=\"clase2\">Dra. Paula Rodr\u00edguez Otero,<\/span><span class=\"clase3\">Cl\u00ednica Universidad de Navarra, Pamplona<\/span><\/td>\n<\/tr>\n<tr class=\"row-5\">\n\t<td class=\"column-1\">13:05 - 13:25<\/td><td class=\"column-2\"><span class=\"clase1\">SMM y Gammapat\u00edas de significado cl\u00ednico<\/span><br \/>\n<span class=\"clase2\">Dr. Javier de la Rubia Comos, <\/span><span class=\"clase3\">Hospital Universitario y Polit\u00e9cnico La Fe, Valencia<\/span><\/td>\n<\/tr>\n<tr class=\"row-6\">\n\t<td class=\"column-1\">13:25 - 13:45<\/td><td class=\"column-2\"><span class=\"clase1\">Mielomas dif\u00edciles de tratar: Solitario, IR, EMD, CNS<\/span><br \/>\n<span class=\"clase2\">Dr. Rafael Alonso Fern\u00e1ndez, <\/span><span class=\"clase3\">Hospital Universitario 12 de Octubre, Madrid<\/span><\/td>\n<\/tr>\n<tr class=\"row-7\">\n\t<td class=\"column-1\">13:45 - 14:05<\/td><td class=\"column-2\"><span class=\"clase1\">Mesa redonda y conclusiones<\/span><\/td>\n<\/tr>\n<tr class=\"row-8\">\n\t<td class=\"column-1\">14:05 - 14:15<\/td><td class=\"column-2\"><span class=\"clase1\">Cierre del curso<\/span><br \/>\n<span class=\"clase2\">Dr. Ram\u00f3n Lecumberri Villamediana, <\/span><span class=\"clase3\">Cl\u00ednica Universidad de Navarra, Pamplona<\/span><br \/>\n<span class=\"clase2\">Dr. Felipe Prosper Cardoso, <\/span><span class=\"clase3\">Cl\u00ednica Universidad de Navarra, Pamplona<\/span><\/td>\n<\/tr>\n<\/tbody>\n<\/table>\n<!-- #tablepress-20 from cache --><\/div>\n<\/div>\n<\/div>\n","protected":false},"excerpt":{"rendered":"<p>08:30 &#8211; 10:30 SESI\u00d3N 5: S\u00cdNDROMES LINFOPROLIFERATIVOS 10:30 &#8211; 11:50 SESI\u00d3N 6: EL LABORATORIO EN HEMATOLOG\u00cdA 11:50 &#8211; 12:20 Pausa Caf\u00e9 12:20 &#8211; 14:05 SESI\u00d3N 7: GAMMAPAT\u00cdAS MONOCLONALES<\/p>\n","protected":false},"author":3,"featured_media":0,"parent":0,"menu_order":0,"comment_status":"closed","ping_status":"closed","template":"","meta":{"footnotes":""},"class_list":["post-1438","page","type-page","status-publish","hentry"],"_links":{"self":[{"href":"https:\/\/www.doctaforum-events.org\/2026\/hematologia48h2026\/wp-json\/wp\/v2\/pages\/1438","targetHints":{"allow":["GET"]}}],"collection":[{"href":"https:\/\/www.doctaforum-events.org\/2026\/hematologia48h2026\/wp-json\/wp\/v2\/pages"}],"about":[{"href":"https:\/\/www.doctaforum-events.org\/2026\/hematologia48h2026\/wp-json\/wp\/v2\/types\/page"}],"author":[{"embeddable":true,"href":"https:\/\/www.doctaforum-events.org\/2026\/hematologia48h2026\/wp-json\/wp\/v2\/users\/3"}],"replies":[{"embeddable":true,"href":"https:\/\/www.doctaforum-events.org\/2026\/hematologia48h2026\/wp-json\/wp\/v2\/comments?post=1438"}],"version-history":[{"count":5,"href":"https:\/\/www.doctaforum-events.org\/2026\/hematologia48h2026\/wp-json\/wp\/v2\/pages\/1438\/revisions"}],"predecessor-version":[{"id":1448,"href":"https:\/\/www.doctaforum-events.org\/2026\/hematologia48h2026\/wp-json\/wp\/v2\/pages\/1438\/revisions\/1448"}],"wp:attachment":[{"href":"https:\/\/www.doctaforum-events.org\/2026\/hematologia48h2026\/wp-json\/wp\/v2\/media?parent=1438"}],"curies":[{"name":"wp","href":"https:\/\/api.w.org\/{rel}","templated":true}]}}