{"id":424,"date":"2020-03-16T18:17:34","date_gmt":"2020-03-16T18:17:34","guid":{"rendered":"https:\/\/www.doctaforum-events.org\/2026\/foroovario2026\/?page_id=424"},"modified":"2026-04-16T08:23:56","modified_gmt":"2026-04-16T08:23:56","slug":"ver-programa","status":"publish","type":"page","link":"https:\/\/www.doctaforum-events.org\/2026\/foroovario2026\/ver-programa\/","title":{"rendered":"Ver Programa"},"content":{"rendered":"<p><!--&nbsp;\n\n&nbsp;\n\n&nbsp;\n\n&nbsp;\n\n&nbsp;\n\n\n<p style=\"text-align: center;\"><span style=\"font-size: 20pt; color: #e84739;\">PR\u00d3XIMAMENTE<\/span><\/p>\n\n\n&nbsp;\n\n&nbsp;\n\n&nbsp;\n\n&nbsp;\n\n&nbsp;\n\n&nbsp;\n\n&nbsp;--><\/p>\n<div id=\"\" class=\"panel-group\">\n<div class=\"panel panel-default\">\n<div class=\"panel-heading\">\n<div class=\"panel_hour d-flex align-items-center\">\n<h4 class=\"panel-title \">16:00 &#8211; 16:10<\/h4>\n<\/div>\n<div class=\"title_panel col d-flex align-items-center\">\n<h4 class=\"panel-title\">Presentaci\u00f3n y bienvenida. Hacia una nueva era en Tumores Ginecol\u00f3gicos<\/h4>\n<\/div>\n<\/div>\n<table id=\"tablepress\" class=\"tablepress tablepress\">\n<tbody class=\"row-striping row-hover\">\n<tr class=\"row-1\">\n<td class=\"column-1\"><span class=\"clase2\">Dra. M\u00aa Jes\u00fas Rubio, <\/span><span class=\"clase3\">Hospital Univ. Reina Sof\u00eda, C\u00f3rdoba<\/span><\/td>\n<\/tr>\n<\/tbody>\n<\/table>\n<div class=\"panel panel-default\">\n<div class=\"panel-heading coloramarillo\">\n<div class=\"panel_hour d-flex align-items-center\">\n<h4 class=\"panel-title \">16:10 &#8211; 16:25<\/h4>\n<\/div>\n<div class=\"title_panel col d-flex align-items-center\">\n<h4 class=\"panel-title\">CHARLA MAGISTRAL<\/h4>\n<\/div>\n<\/div>\n<table id=\"tablepress\" class=\"tablepress tablepress\">\n<tbody class=\"row-striping row-hover\">\n<tr class=\"row-1\">\n<td class=\"column-1\"><span class=\"clase1\">IA para equipos m\u00e9dicos: \u00bfC\u00f3mo me puede ayudar la IA en mi d\u00eda a d\u00eda como cl\u00ednico? \u00bfExiste alguna herramienta disponible?<\/span><br \/>\n<span class=\"clase2\">Dr. Fernando G\u00e1lvez, <\/span><span class=\"clase3\">Hospital Univ. Virgen de las Nieves, Granada<\/span><\/td>\n<\/tr>\n<\/tbody>\n<\/table>\n<div class=\"panel panel-default\">\n<div class=\"panel-heading coloramarillo\">\n<div class=\"panel_hour d-flex align-items-center\">\n<h4 class=\"panel-title \">16:25 &#8211; 17:15<\/h4>\n<\/div>\n<div class=\"title_panel col d-flex align-items-center\">\n<h4 class=\"panel-title\">MESA 1: C\u00c1NCER DE ENDOMETRIO<\/h4>\n<\/div>\n<\/div>\n<div id=\"collapse4\" class=\"panel-collapse collapse in\">\n<table id=\"tablepress-11\" class=\"tablepress tablepress-id-11\">\n<tbody class=\"row-striping row-hover\">\n<tr class=\"row-1\">\n\t<td class=\"column-1\"><\/td><td class=\"column-2\"><span class=\"clase1\">Moderadores:<\/span><br \/>\n<br \/>\n<span class=\"clase2\">Dra. Eva Mar\u00eda Guerra, <\/span><span class=\"clase3\">Hospital Univ. Ram\u00f3n y Cajal, Madrid<\/span><br \/>\n<span class=\"clase2\">Dr. Ignacio Romero, <\/span><span class=\"clase3\">Instituto Valenciano de Oncolog\u00eda - IVO, Valencia<\/span><\/td>\n<\/tr>\n<tr class=\"row-2\">\n\t<td class=\"column-1\">16:25 - 16:35<\/td><td class=\"column-2\"><span class=\"clase1\">QT + Inmunoterapia en 1\u00aal\u00ednea de enfermedad avanzada\/recurrente en MMRp\/MSS \u00bfCu\u00e1ndo, c\u00f3mo y para qui\u00e9n?<\/span><br \/>\n<br \/>\n<span class=\"clase2\">Dr. Luis Manso, <\/span><span class=\"clase3\">Hospital Univ. 12 de Octubre, Madrid<\/span><\/td>\n<\/tr>\n<tr class=\"row-3\">\n\t<td class=\"column-1\">16:35 - 16:45<\/td><td class=\"column-2\"><span class=\"clase1\">Retos actuales y futuros en C\u00e1ncer de endometrio avanzado\/recurrente MMRd\/MSI-H<\/span><br \/>\n<br \/>\n<span class=\"clase2\">Dra. Carmen Garc\u00eda, <\/span><span class=\"clase3\">Hospital Univ. Vall d'Hebron, Barcelona<\/span><\/td>\n<\/tr>\n<tr class=\"row-4\">\n\t<td class=\"column-1\">16:45 - 17:00<\/td><td class=\"column-2\"><span class=\"clase1\">ADCs: el arte de personalizar tras la progresi\u00f3n \u00bfEs un equilibrio entre biomarcadores , eficacia y seguridad?<\/span><br \/>\n<br \/>\n<span class=\"clase2\">Dra. Mar\u00eda Quind\u00f3s, <\/span><span class=\"clase3\">Hospital Univ. de A Coru\u00f1a<\/span><\/td>\n<\/tr>\n<tr class=\"row-5\">\n\t<td class=\"column-1\">17:00 - 17:15<\/td><td class=\"column-2\"><span class=\"clase1\">Discusi\u00f3n<\/span><\/td>\n<\/tr>\n<\/tbody>\n<\/table>\n<!-- #tablepress-11 from cache --><\/div>\n<div class=\"panel panel-default\">\n<div class=\"panel-heading coloramarillo\">\n<div class=\"panel_hour d-flex align-items-center\">\n<h4 class=\"panel-title \">17:15 &#8211; 18:00<\/h4>\n<\/div>\n<div class=\"title_panel col d-flex align-items-center\">\n<h4 class=\"panel-title\">MESA 2: C\u00c1NCER DE C\u00c9RVIX<\/h4>\n<\/div>\n<\/div>\n<div id=\"collapse6\" class=\"panel-collapse collapse in\">\n<table id=\"tablepress-10\" class=\"tablepress tablepress-id-10\">\n<tbody class=\"row-striping row-hover\">\n<tr class=\"row-1\">\n\t<td class=\"column-1\"><\/td><td class=\"column-2\"><span class=\"clase1\">Moderadores:<\/span><br \/>\n<br \/>\n<span class=\"clase2\">Dra. Lorena Fari\u00f1as,<\/span><span class=\"clase3\">Hospital Univ. Vall d'Hebron, Barcelona<\/span><br \/>\n<span class=\"clase2\">Dr. Alejandro P\u00e9rez-Fidalgo, <\/span><span class=\"clase3\">Hospital Cl\u00ednico Univ. de Valencia<\/span><\/td>\n<\/tr>\n<tr class=\"row-2\">\n\t<td class=\"column-1\">17:15 - 17:30<\/td><td class=\"column-2\"><span class=\"clase1\">En la enfermedad localmente avanzada: \u00bfQu\u00e9 hemos ganado? \u00bfQu\u00e9 falta por lograr m\u00e1s all\u00e1 del KN-A18, podemos seguir mejorando los resultados?<\/span><br \/>\n<br \/>\n<span class=\"clase2\">Dr. Alejandro Gallego, <\/span><span class=\"clase3\">Cl\u00ednica Universidad de Navarra, Madrid<\/span><\/td>\n<\/tr>\n<tr class=\"row-3\">\n\t<td class=\"column-1\">17:30 - 17:45<\/td><td class=\"column-2\"><span class=\"clase1\">En la enfermedad recurrente o metast\u00e1sica: La inmunoterapia, \u00bffinal del trayecto o puente a nuevas soluciones?<\/span><br \/>\n<br \/>\n<span class=\"clase2\">Dra. Ana de Juan, <\/span><span class=\"clase3\">Hospital Univ. Marqu\u00e9s de Valdecilla, Santander<\/span><\/td>\n<\/tr>\n<tr class=\"row-4\">\n\t<td class=\"column-1\">17:45 - 18:00<\/td><td class=\"column-2\"><span class=\"clase1\">Discusi\u00f3n<\/span><\/td>\n<\/tr>\n<\/tbody>\n<\/table>\n<!-- #tablepress-10 from cache --><\/div>\n<\/div>\n<\/div>\n<div class=\"panel panel-default\">\n<div class=\"panel-heading coloramarillo\">\n<div class=\"panel_hour d-flex align-items-center\">\n<h4 class=\"panel-title \">18:00 &#8211; 18:30<\/h4>\n<\/div>\n<div class=\"title_panel col d-flex align-items-center\">\n<h4 class=\"panel-title\">CAFE<\/h4>\n<\/div>\n<\/div>\n<div class=\"panel panel-default\">\n<div class=\"panel-heading coloramarillo\">\n<div class=\"panel_hour d-flex align-items-center\">\n<h4 class=\"panel-title \">18:30 &#8211; 21:10<\/h4>\n<\/div>\n<div class=\"title_panel col d-flex align-items-center\">\n<h4 class=\"panel-title\">MESA 3: C\u00c1NCER DE OVARIO<\/h4>\n<\/div>\n<\/div>\n<div id=\"collapse2\" class=\"panel-collapse collapse in\">\n<table id=\"tablepress-8\" class=\"tablepress tablepress-id-8\">\n<tbody class=\"row-striping row-hover\">\n<tr class=\"row-1\">\n\t<td class=\"column-1\"><\/td><td class=\"column-2\"><span class=\"clase1\">Moderadores:<\/span><br \/>\n<br \/>\n<span class=\"clase2\">Dra. Mar\u00eda Jes\u00fas Rubio, <\/span><span class=\"clase3\">Hospital Univ. Reina Sof\u00eda, C\u00f3rdoba<\/span><br \/>\n<span class=\"clase2\">Dr. Antonio Gonz\u00e1lez, <\/span><span class=\"clase3\">Cancer Center Cl\u00ednica Universidad de Navarra, Madrid<\/span><\/td>\n<\/tr>\n<tr class=\"row-2\">\n\t<td class=\"column-1\">18:30 - 19:20<\/td><td class=\"column-2\"><span class=\"clase1\">MANEJO DEL RECIENTE DIAGN\u00d3STICO<\/span><\/td>\n<\/tr>\n<tr class=\"row-3\">\n\t<td class=\"column-1\">18:30 - 18:40<\/td><td class=\"column-2\"><span class=\"clase1\">La pregunta del mill\u00f3n en pacientes de reciente diagn\u00f3stico: \u00bfCirug\u00eda de citorreducci\u00f3n primaria o de intervalo? \u00bfQu\u00e9 implicaciones tiene en nuestra pr\u00e1ctica cl\u00ednica? \u00bfExiste una respuesta definitiva? - Desde el punto de vista del cirujano<\/span><br \/>\n<br \/>\n<span class=\"clase2\">Dr. Manel Barahona, <\/span><span class=\"clase3\">University Hospital Limerick, Midwest HSE, Limerick, Irlanda<\/span><\/td>\n<\/tr>\n<tr class=\"row-4\">\n\t<td class=\"column-1\">18:40 - 18:50<\/td><td class=\"column-2\"><span class=\"clase1\">Desde el punto de vista del Onc\u00f3logo m\u00e9dico<\/span><br \/>\n<br \/>\n<span class=\"clase2\">Dra. Ainhoa Madariaga, <\/span><span class=\"clase3\">Hospital Univ. 12 de Octubre, Madrid<\/span><\/td>\n<\/tr>\n<tr class=\"row-5\">\n\t<td class=\"column-1\">18:50 - 19:05<\/td><td class=\"column-2\"><span class=\"clase1\">\u00bfPodemos hablar de largas respondedoras\/supervivientes en c\u00e1ncer de ovario? \u00bfC\u00f3mo evoluciona la definici\u00f3n de este concepto en la era iPARP?<\/span><br \/>\n<br \/>\n<span class=\"clase2\">Dra. Pilar Barretina, <\/span><span class=\"clase3\">Institut Catal\u00e0 d'Oncologia Girona - ICO Girona<\/span><\/td>\n<\/tr>\n<tr class=\"row-6\">\n\t<td class=\"column-1\">19:05 - 19:20<\/td><td class=\"column-2\"><span class=\"clase1\">Discusi\u00f3n<\/span><\/td>\n<\/tr>\n<tr class=\"row-7\">\n\t<td class=\"column-1\">19:20 - 20:10<\/td><td class=\"column-2\"><span class=\"clase1\">REVOLUCI\u00d3N EN EL MANEJO DE LA RECA\u00cdDA<\/span><\/td>\n<\/tr>\n<tr class=\"row-8\">\n\t<td class=\"column-1\">19:20 - 19:35<\/td><td class=\"column-2\"><span class=\"clase1\">En la reca\u00edda platino sensible, \u00bfQu\u00e9 hay de nuevo? \u00bfQu\u00e9 opciones tenemos en las pacientes que han recibido iPARP en 1\u00aa l\u00ednea?<\/span><br \/>\n<br \/>\n<span class=\"clase2\">Dra. Luc\u00eda Navarro, <\/span><span class=\"clase3\">Hospital Univ. Torrec\u00e1rdenas, Almer\u00eda<\/span><\/td>\n<\/tr>\n<tr class=\"row-9\">\n\t<td class=\"column-1\">19:35 - 19:50<\/td><td class=\"column-2\"><span class=\"clase1\">Revoluci\u00f3n en la reca\u00edda platino resistente, \u00bfNuevas opciones, nuevos biomarcadores, nuevas victorias?<\/span><br \/>\n<br \/>\n<span class=\"clase2\">Dra. Lydia Gaba, <\/span><span class=\"clase3\">Hospital Cl\u00ednic de Barcelona<\/span><\/td>\n<\/tr>\n<tr class=\"row-10\">\n\t<td class=\"column-1\">19:50 - 20:10<\/td><td class=\"column-2\"><span class=\"clase1\">Discusi\u00f3n<\/span><\/td>\n<\/tr>\n<\/tbody>\n<\/table>\n<!-- #tablepress-8 from cache --><\/div>\n<\/div>\n<div class=\"panel panel-default\">\n<div class=\"panel-heading coloramarillo\">\n<div class=\"panel_hour d-flex align-items-center\">\n<h4 class=\"panel-title \">20:10 &#8211; 20:30<\/h4>\n<\/div>\n<div class=\"title_panel col d-flex align-items-center\">\n<h4 class=\"panel-title\">CONCLUSIONES<\/h4>\n<\/div>\n<\/div>\n<table id=\"tablepress\" class=\"tablepress tablepress\">\n<tbody class=\"row-striping row-hover\">\n<tr class=\"row-1\">\n<td class=\"column-1\"><span class=\"clase2\">Dr. Andr\u00e9s Redondo, <\/span><span class=\"clase3\">Hospital Univ. La Paz, Madrid<\/span><\/td>\n<\/tr>\n<\/tbody>\n<\/table>\n<div class=\"panel panel-default\">\n<div class=\"panel-heading coloramarillo\">\n<div class=\"panel_hour d-flex align-items-center\">\n<h4 class=\"panel-title \">20:30<\/h4>\n<\/div>\n<div class=\"title_panel col d-flex align-items-center\">\n<h4 class=\"panel-title\">CIERRE<\/h4>\n<\/div>\n<\/div>\n<table id=\"tablepress\" class=\"tablepress tablepress\">\n<tbody class=\"row-striping row-hover\">\n<tr class=\"row-1\">\n<td class=\"column-1\"><span class=\"clase2\">Dra. M\u00aa Jes\u00fas Rubio, <\/span><span class=\"clase3\">Hospital Univ. Reina Sof\u00eda, C\u00f3rdoba<\/span><\/td>\n<\/tr>\n<\/tbody>\n<\/table>\n<\/div>\n<\/div>\n<\/div>\n<\/div>\n<\/div>\n<\/div>\n","protected":false},"excerpt":{"rendered":"<p>16:00 &#8211; 16:10 Presentaci\u00f3n y bienvenida. Hacia una nueva era en Tumores Ginecol\u00f3gicos Dra. M\u00aa Jes\u00fas Rubio, Hospital Univ. Reina Sof\u00eda, C\u00f3rdoba 16:10 &#8211; 16:25 CHARLA MAGISTRAL IA para equipos m\u00e9dicos: \u00bfC\u00f3mo me puede ayudar la IA en mi d\u00eda a d\u00eda como cl\u00ednico? \u00bfExiste alguna herramienta disponible? Dr. Fernando G\u00e1lvez, Hospital Univ. Virgen de [&hellip;]<\/p>\n","protected":false},"author":1,"featured_media":0,"parent":0,"menu_order":0,"comment_status":"closed","ping_status":"closed","template":"","meta":{"footnotes":""},"class_list":["post-424","page","type-page","status-publish","hentry"],"_links":{"self":[{"href":"https:\/\/www.doctaforum-events.org\/2026\/foroovario2026\/wp-json\/wp\/v2\/pages\/424","targetHints":{"allow":["GET"]}}],"collection":[{"href":"https:\/\/www.doctaforum-events.org\/2026\/foroovario2026\/wp-json\/wp\/v2\/pages"}],"about":[{"href":"https:\/\/www.doctaforum-events.org\/2026\/foroovario2026\/wp-json\/wp\/v2\/types\/page"}],"author":[{"embeddable":true,"href":"https:\/\/www.doctaforum-events.org\/2026\/foroovario2026\/wp-json\/wp\/v2\/users\/1"}],"replies":[{"embeddable":true,"href":"https:\/\/www.doctaforum-events.org\/2026\/foroovario2026\/wp-json\/wp\/v2\/comments?post=424"}],"version-history":[{"count":77,"href":"https:\/\/www.doctaforum-events.org\/2026\/foroovario2026\/wp-json\/wp\/v2\/pages\/424\/revisions"}],"predecessor-version":[{"id":1374,"href":"https:\/\/www.doctaforum-events.org\/2026\/foroovario2026\/wp-json\/wp\/v2\/pages\/424\/revisions\/1374"}],"wp:attachment":[{"href":"https:\/\/www.doctaforum-events.org\/2026\/foroovario2026\/wp-json\/wp\/v2\/media?parent=424"}],"curies":[{"name":"wp","href":"https:\/\/api.w.org\/{rel}","templated":true}]}}