{"id":1409,"date":"2025-12-11T08:06:28","date_gmt":"2025-12-11T08:06:28","guid":{"rendered":"https:\/\/www.doctaforum-events.org\/2026\/caom2026\/?page_id=1409"},"modified":"2026-03-18T08:01:02","modified_gmt":"2026-03-18T08:01:02","slug":"jueves-11-de-junio","status":"publish","type":"page","link":"https:\/\/www.doctaforum-events.org\/2026\/caom2026\/jueves-11-de-junio\/","title":{"rendered":"Jueves, 11 de junio"},"content":{"rendered":"<p><!-- ========== JUEVES 11 DE JUNIO ========== --><\/p>\n<div id=\"jueves\" class=\"panel-group\">\n<div class=\"panel panel-default\">\n<div class=\"panel-heading coloramarillo\">\n<div class=\"panel_hour d-flex align-items-center\">\n<h4 class=\"panel-title\">09:00 &#8211; 11:30<\/h4>\n<\/div>\n<div class=\"title_panel col d-flex align-items-center\">\n<h4 class=\"panel-title\">SESI\u00d3N 3 \u2014 TUMORES GINECOL\u00d3GICOS Y TUMORES NEUROENDOCRINOS<\/h4>\n<\/div>\n<\/div>\n<div id=\"collapse-jue-3\" class=\"panel-collapse collapse in\">\n<table id=\"tablepress-10\" class=\"tablepress tablepress-id-10\">\n<tbody class=\"row-striping row-hover\">\n<tr class=\"row-1\">\n\t<td class=\"column-1\"><\/td><td class=\"column-2\"> <span class=\"clase1\">Modera<\/span><br \/>\n<span class=\"clase2\">Dr. Luis M. Manso, <\/span><span class=\"clase3\">Hospital Univ. 12 de Octubre, Madrid<\/span><br \/>\n<\/td>\n<\/tr>\n<tr class=\"row-2\">\n\t<td class=\"column-1\">09:00 - 09:20<\/td><td class=\"column-2\"><span class=\"clase1\">Tratamiento \u00d3ptimo del C\u00e1ncer de Ovario<\/span><br \/>\n<span class=\"clase2\">Dr. Luis M. Manso, <\/span><span class=\"clase3\">Hospital Univ. 12 de Octubre, Madrid<\/span><br \/>\n<\/td>\n<\/tr>\n<tr class=\"row-3\">\n\t<td class=\"column-1\">09:30 - 09:50<\/td><td class=\"column-2\"><span class=\"clase1\">Tratamiento del C\u00e1ncer de Endometrio<\/span><br \/>\n<span class=\"clase2\">Dra. Ana Santaballa, <\/span><span class=\"clase3\">Hospital Univ. i Polit\u00e8cnic La Fe, Valencia<\/span><br \/>\n<\/td>\n<\/tr>\n<tr class=\"row-4\">\n\t<td class=\"column-1\">10:00 - 10:20<\/td><td class=\"column-2\"><span class=\"clase1\">Tratamiento del C\u00e1ncer de C\u00e9rvix<\/span><br \/>\n<span class=\"clase2\">Dra. Ainhoa Madariaga, <\/span><span class=\"clase3\">Hospital Univ. 12 de Octubre, Madrid<\/span><br \/>\n<\/td>\n<\/tr>\n<tr class=\"row-5\">\n\t<td class=\"column-1\">10:30 - 10:50<\/td><td class=\"column-2\"><span class=\"clase1\">Tumores Neuroendocrinos<\/span><br \/>\n<span class=\"clase2\">Dra. Roc\u00edo Garc\u00eda Carbonero, <\/span><span class=\"clase3\">Hospital Univ. 12 de Octubre, Madrid<\/span><br \/>\n<\/td>\n<\/tr>\n<tr class=\"row-6\">\n\t<td class=\"column-1\">11:00 - 11:30<\/td><td class=\"column-2\"><span class=\"clase1\">Discusi\u00f3n de Casos Cl\u00ednicos<\/span><\/td>\n<\/tr>\n<\/tbody>\n<\/table>\n<!-- #tablepress-10 from cache --><\/div>\n<\/div>\n<div class=\"panel panel-default\">\n<div class=\"panel-heading breakColors\">\n<div class=\"panel_hour d-flex align-items-center\">\n<h4 class=\"panel-title\">11:30 &#8211; 11:50<\/h4>\n<\/div>\n<div class=\"title_panel col d-flex align-items-center\">\n<h4 class=\"panel-title\">Pausa Caf\u00e9<\/h4>\n<\/div>\n<\/div>\n<\/div>\n<div class=\"panel panel-default\">\n<div class=\"panel-heading coloramarillo\">\n<div class=\"panel_hour d-flex align-items-center\">\n<h4 class=\"panel-title\">11:50 &#8211; 14:05<\/h4>\n<\/div>\n<div class=\"title_panel col d-flex align-items-center\">\n<h4 class=\"panel-title\">SESI\u00d3N 4 \u2014 CABEZA Y CUELLO, TUMORES CEREBRALES, MELANOMA Y SARCOMA<\/h4>\n<\/div>\n<\/div>\n<div id=\"collapse-jue-4\" class=\"panel-collapse collapse in\">\n<table id=\"tablepress-11\" class=\"tablepress tablepress-id-11\">\n<tbody class=\"row-striping row-hover\">\n<tr class=\"row-1\">\n\t<td class=\"column-1\"><\/td><td class=\"column-2\"><span class=\"clase1\">Modera<\/span><br \/>\n<span class=\"clase2\">Dra. Lara Iglesias, <\/span><span class=\"clase3\">Hospital Univ. 12 de Octubre, Madrid<\/span><br \/>\n<\/td>\n<\/tr>\n<tr class=\"row-2\">\n\t<td class=\"column-1\">11:50 - 12:10<\/td><td class=\"column-2\"><span class=\"clase1\">Avances en el Tratamiento de Sarcomas<\/span><br \/>\n<span class=\"clase2\">Dra. Arancha Manzano, <\/span><span class=\"clase3\">Hospital Univ. 12 de Octubre, Madrid<\/span><br \/>\n<\/td>\n<\/tr>\n<tr class=\"row-3\">\n\t<td class=\"column-1\">12:20 - 12:40<\/td><td class=\"column-2\"><span class=\"clase1\">Avances en el Tratamiento de los Tumores de Cabeza y Cuello<\/span><br \/>\n<span class=\"clase2\">Dra. Lara Iglesias, <\/span><span class=\"clase3\">Hospital Univ. 12 de Octubre, Madrid<\/span><br \/>\n<\/td>\n<\/tr>\n<tr class=\"row-4\">\n\t<td class=\"column-1\">12:50 - 13:05<\/td><td class=\"column-2\"><span class=\"clase1\">Discusi\u00f3n de Caso Cl\u00ednico<\/span><\/td>\n<\/tr>\n<tr class=\"row-5\">\n\t<td class=\"column-1\">13:05 - 13:25<\/td><td class=\"column-2\"><span class=\"clase1\">Avances en el Tratamiento de Melanomas<\/span><br \/>\n<span class=\"clase2\">Dra. Ainara Soria, <\/span><span class=\"clase3\">Hospital Ram\u00f3n y Cajal, Madrid<\/span><br \/>\n<\/td>\n<\/tr>\n<tr class=\"row-6\">\n\t<td class=\"column-1\">13:35 - 13:55<\/td><td class=\"column-2\"> <span class=\"clase1\">Tumores Cerebrales<\/span><br \/>\n<span class=\"clase2\">Dr. Juan Manuel Sep\u00falveda, <\/span><span class=\"clase3\">Hospital Univ. 12 de Octubre, Madrid<\/span><\/td>\n<\/tr>\n<\/tbody>\n<\/table>\n<!-- #tablepress-11 from cache --><\/div>\n<\/div>\n<div class=\"panel panel-default\">\n<div class=\"panel-heading breakColors\">\n<div class=\"panel_hour d-flex align-items-center\">\n<h4 class=\"panel-title\">14:05 &#8211; 16:00<\/h4>\n<\/div>\n<div class=\"title_panel col d-flex align-items-center\">\n<h4 class=\"panel-title\">Almuerzo<\/h4>\n<\/div>\n<\/div>\n<\/div>\n<div class=\"panel panel-default\">\n<div class=\"panel-heading coloramarillo\">\n<div class=\"panel_hour d-flex align-items-center\">\n<h4 class=\"panel-title\">16:00 &#8211; 16:30<\/h4>\n<\/div>\n<div class=\"title_panel col d-flex align-items-center\">\n<h4 class=\"panel-title\">SESI\u00d3N 5 \u2014 BIOPSIA L\u00cdQUIDA<\/h4>\n<\/div>\n<\/div>\n<div id=\"collapse-jue-5\" class=\"panel-collapse collapse in\">\n<table id=\"tablepress-12\" class=\"tablepress tablepress-id-12\">\n<tbody class=\"row-striping row-hover\">\n<tr class=\"row-1\">\n\t<td class=\"column-1\"><\/td><td class=\"column-2\"><span class=\"clase2\">Dra. Noelia Tarazona, <\/span><span class=\"clase3\">Hospital Cl\u00ednico Univ. de Valencia<\/span><br \/>\n<\/td>\n<\/tr>\n<\/tbody>\n<\/table>\n<!-- #tablepress-12 from cache --><\/div>\n<\/div>\n<div class=\"panel panel-default\">\n<div class=\"panel-heading coloramarillo\">\n<div class=\"panel_hour d-flex align-items-center\">\n<h4 class=\"panel-title\">16:30 &#8211; 18:15<\/h4>\n<\/div>\n<div class=\"title_panel col d-flex align-items-center\">\n<h4 class=\"panel-title\">SESI\u00d3N 6 \u2014 MOLECULAR ONCOLOGY TUMOR BOARD<\/h4>\n<\/div>\n<\/div>\n<div id=\"collapse-jue-6\" class=\"panel-collapse collapse in\">\n<table id=\"tablepress-22\" class=\"tablepress tablepress-id-22\">\n<tbody class=\"row-striping row-hover\">\n<tr class=\"row-1\">\n\t<td class=\"column-1\"><\/td><td class=\"column-2\"><span class=\"clase1\">Modera<\/span><br \/>\n<span class=\"clase2\">Dr. Santiago Ponce, <\/span><span class=\"clase3\">Hospital Univ. 12 de Octubre, Madrid<\/span><br \/>\n<\/td>\n<\/tr>\n<tr class=\"row-2\">\n\t<td class=\"column-1\">13:00 - 13:20<\/td><td class=\"column-2\"><span class=\"clase1\">Panel de Expertos<\/span><br \/>\n<span class=\"clase2\">Onc\u00f3logos: Dr. Luis Paz-Ares,<span class=\"clase3\">Hospital Univ. 12 de Octubre, Madrid<\/span><br \/>\n  Dr. Javier Baena, <span class=\"clase3\">Hospital Univ. 12 de Octubre, Madrid<\/span><br \/>\n  Dra. Noelia Tarazona, <span class=\"clase3\">Hospital Cl\u00ednico Univ. de Valencia<\/span><br \/>\n<\/span><br \/>\n<span class=\"clase2\">Anatomopat\u00f3logo: Dra. Esther Conde, <span class=\"clase3\">Hospital Univ. 12 de Octubre, Madrid<\/span><br \/>\n<\/span><br \/>\n<span class=\"clase2\">Bi\u00f3loga: Dra. Beatriz Bellosillo, <span class=\"clase3\">Hospital del Mar, Barcelona<\/span><br \/>\n<\/span><\/td>\n<\/tr>\n<\/tbody>\n<\/table>\n<!-- #tablepress-22 from cache --><\/div>\n<\/div>\n<div class=\"panel panel-default\">\n<div class=\"panel-heading breakColors\">\n<div class=\"panel_hour d-flex align-items-center\">\n<h4 class=\"panel-title\">18:15 &#8211; 19:15<\/h4>\n<\/div>\n<div class=\"title_panel col d-flex align-items-center\">\n<h4 class=\"panel-title\">Pausa Caf\u00e9 \u2014 Alternativas Profesionales al Final de la Residencia<\/h4>\n<\/div>\n<\/div>\n<div id=\"collapse-jue-6\" class=\"panel-collapse collapse in\">\n<table id=\"tablepress-30\" class=\"tablepress tablepress-id-30\">\n<tbody class=\"row-striping row-hover\">\n<tr class=\"row-1\">\n\t<td class=\"column-1\"><\/td><td class=\"column-2\"> <span class=\"clase2\">Dra. Ainhoa Madariaga, <\/span><span class=\"clase3\">Servicio de Oncolog\u00eda M\u00e9dica, Hospital Univ. 12 de Octubre, Madrid<\/span><br \/>\n <span class=\"clase2\">Dr. Jon Zugazagoitia, <\/span><span class=\"clase3\">Servicio de Oncolog\u00eda M\u00e9dica, Hospital Univ. 12 de Octubre, Madrid<\/span><br \/>\n <span class=\"clase2\">Dra. Almudena Rodr\u00edguez, <\/span><span class=\"clase3\">Directora Medica Senior, Global Clinical Development AbbVie, Madrid<\/span><\/td>\n<\/tr>\n<\/tbody>\n<\/table>\n<!-- #tablepress-30 from cache --><\/div>\n<\/div>\n<div class=\"panel panel-default\">\n<div class=\"panel-heading\">\n<div class=\"panel_hour d-flex align-items-center\">\n<h4 class=\"panel-title\">20:30<\/h4>\n<\/div>\n<div class=\"title_panel col d-flex align-items-center\">\n<h4 class=\"panel-title\">Cena<\/h4>\n<\/div>\n<\/div>\n<\/div>\n<div class=\"panel panel-default\">\n<div class=\"panel-heading coloramarillo\">\n<div class=\"panel_hour d-flex align-items-center\">\n<h4 class=\"panel-title\">22:00<\/h4>\n<\/div>\n<div class=\"title_panel col d-flex align-items-center flex-wrap\">\n<h4 class=\"panel-title w-100\">TERTULIA NOCTURNA \u2014 Conflictos Bio\u00e9ticos en Oncolog\u00eda<\/h4>\n<div>\n<\/div>\n<\/div>\n<\/div>\n<div id=\"collapse-jue-6\" class=\"panel-collapse collapse in\">\n<table id=\"tablepress-31\" class=\"tablepress tablepress-id-31\">\n<tbody class=\"row-striping row-hover\">\n<tr class=\"row-1\">\n\t<td class=\"column-1\"><\/td><td class=\"column-2\"> <span class=\"clase2\">Dr. Jos\u00e9 G\u00f3mez Codina, <\/span><span class=\"clase3\">Servicio de Oncolog\u00eda M\u00e9dica, Hospital Univ. i Polit\u00e8cnic La Fe, Valencia<\/span><\/td>\n<\/tr>\n<\/tbody>\n<\/table>\n<!-- #tablepress-31 from cache --><\/div>\n<\/div>\n<\/div>\n","protected":false},"excerpt":{"rendered":"<p>09:00 &#8211; 11:30 SESI\u00d3N 3 \u2014 TUMORES GINECOL\u00d3GICOS Y TUMORES NEUROENDOCRINOS 11:30 &#8211; 11:50 Pausa Caf\u00e9 11:50 &#8211; 14:05 SESI\u00d3N 4 \u2014 CABEZA Y CUELLO, TUMORES CEREBRALES, MELANOMA Y SARCOMA 14:05 &#8211; 16:00 Almuerzo 16:00 &#8211; 16:30 SESI\u00d3N 5 \u2014 BIOPSIA L\u00cdQUIDA 16:30 &#8211; 18:15 SESI\u00d3N 6 \u2014 MOLECULAR ONCOLOGY TUMOR BOARD 18:15 &#8211; 19:15 [&hellip;]<\/p>\n","protected":false},"author":3,"featured_media":0,"parent":0,"menu_order":0,"comment_status":"closed","ping_status":"closed","template":"","meta":{"footnotes":""},"class_list":["post-1409","page","type-page","status-publish","hentry"],"_links":{"self":[{"href":"https:\/\/www.doctaforum-events.org\/2026\/caom2026\/wp-json\/wp\/v2\/pages\/1409","targetHints":{"allow":["GET"]}}],"collection":[{"href":"https:\/\/www.doctaforum-events.org\/2026\/caom2026\/wp-json\/wp\/v2\/pages"}],"about":[{"href":"https:\/\/www.doctaforum-events.org\/2026\/caom2026\/wp-json\/wp\/v2\/types\/page"}],"author":[{"embeddable":true,"href":"https:\/\/www.doctaforum-events.org\/2026\/caom2026\/wp-json\/wp\/v2\/users\/3"}],"replies":[{"embeddable":true,"href":"https:\/\/www.doctaforum-events.org\/2026\/caom2026\/wp-json\/wp\/v2\/comments?post=1409"}],"version-history":[{"count":12,"href":"https:\/\/www.doctaforum-events.org\/2026\/caom2026\/wp-json\/wp\/v2\/pages\/1409\/revisions"}],"predecessor-version":[{"id":1556,"href":"https:\/\/www.doctaforum-events.org\/2026\/caom2026\/wp-json\/wp\/v2\/pages\/1409\/revisions\/1556"}],"wp:attachment":[{"href":"https:\/\/www.doctaforum-events.org\/2026\/caom2026\/wp-json\/wp\/v2\/media?parent=1409"}],"curies":[{"name":"wp","href":"https:\/\/api.w.org\/{rel}","templated":true}]}}